{"id":11618,"date":"2022-02-07T16:36:50","date_gmt":"2022-02-07T15:36:50","guid":{"rendered":"https:\/\/www.alpenhof-kruen.de\/arrival-contact\/"},"modified":"2026-01-20T15:25:04","modified_gmt":"2026-01-20T14:25:04","slug":"arrival-contact","status":"publish","type":"page","link":"https:\/\/www.alpenhof-kruen.de\/en\/arrival-contact\/","title":{"rendered":"Arrival &amp; Contact"},"content":{"rendered":"\t\t<div data-elementor-type=\"wp-page\" data-elementor-id=\"11618\" class=\"elementor elementor-11618 elementor-6814\" data-elementor-post-type=\"page\">\n\t\t\t\t\t\t<section class=\"elementor-section elementor-top-section elementor-element elementor-element-74f2ea6 elementor-section-full_width elementor-section-height-min-height elementor-section-height-default elementor-section-items-middle\" data-id=\"74f2ea6\" data-element_type=\"section\" data-e-type=\"section\">\n\t\t\t\t\t\t<div class=\"elementor-container elementor-column-gap-no\">\n\t\t\t\t\t<div class=\"elementor-column elementor-col-100 elementor-top-column elementor-element elementor-element-89929cd\" data-id=\"89929cd\" data-element_type=\"column\" data-e-type=\"column\">\n\t\t\t<div class=\"elementor-widget-wrap elementor-element-populated\">\n\t\t\t\t\t\t<div class=\"elementor-element elementor-element-042089f elementor--h-position-center elementor--v-position-middle elementor-widget elementor-widget-slides\" data-id=\"042089f\" data-element_type=\"widget\" data-e-type=\"widget\" data-settings=\"{&quot;navigation&quot;:&quot;none&quot;,&quot;transition&quot;:&quot;fade&quot;,&quot;transition_speed&quot;:3000,&quot;autoplay&quot;:&quot;yes&quot;,&quot;pause_on_hover&quot;:&quot;yes&quot;,&quot;pause_on_interaction&quot;:&quot;yes&quot;,&quot;autoplay_speed&quot;:5000,&quot;infinite&quot;:&quot;yes&quot;}\" data-widget_type=\"slides.default\">\n\t\t\t\t<div class=\"elementor-widget-container\">\n\t\t\t\t\t\t\t\t\t<div class=\"elementor-swiper\">\n\t\t\t\t\t<div class=\"elementor-slides-wrapper elementor-main-swiper swiper\" role=\"region\" aria-roledescription=\"carousel\" aria-label=\"Slides\" dir=\"ltr\" data-animation=\"\">\n\t\t\t\t<div class=\"swiper-wrapper elementor-slides\">\n\t\t\t\t\t\t\t\t\t\t<div class=\"elementor-repeater-item-9e4f9c4 swiper-slide\" role=\"group\" aria-roledescription=\"slide\"><div class=\"swiper-slide-bg elementor-ken-burns elementor-ken-burns--in\" role=\"img\" aria-label=\"2021-04-13-alpenhof-kruen_de-DYR--628\"><\/div><div class=\"elementor-background-overlay\"><\/div><div class=\"swiper-slide-inner\" ><div class=\"swiper-slide-contents\"><div class=\"elementor-slide-heading\">Your way to your vacation<\/div><\/div><\/div><\/div><div class=\"elementor-repeater-item-e14451b swiper-slide\" role=\"group\" aria-roledescription=\"slide\"><div class=\"swiper-slide-bg elementor-ken-burns elementor-ken-burns--in\" role=\"img\" aria-label=\"BMW_i3_08_2014 (92)\"><\/div><div class=\"elementor-background-overlay\"><\/div><div class=\"swiper-slide-inner\" ><div class=\"swiper-slide-contents\"><div class=\"elementor-slide-heading\">Reach us conveniently <br> by electric car or train<\/div><\/div><\/div><\/div><div class=\"elementor-repeater-item-d328573 swiper-slide\" role=\"group\" aria-roledescription=\"slide\"><div class=\"swiper-slide-bg elementor-ken-burns elementor-ken-burns--in\" role=\"img\" aria-label=\"IMG_1036\"><\/div><div class=\"elementor-background-overlay\"><\/div><div class=\"swiper-slide-inner\" ><div class=\"swiper-slide-contents\"><div class=\"elementor-slide-heading\">We are looking forward to you<\/div><\/div><\/div><\/div>\t\t\t\t<\/div>\n\t\t\t\t\t\t\t\t\t\t\t\t\t\t\t\t\t\t\t\t\t<\/div>\n\t\t\t\t<\/div>\n\t\t\t\t\t\t\t\t<\/div>\n\t\t\t\t<\/div>\n\t\t\t\t\t<\/div>\n\t\t<\/div>\n\t\t\t\t\t<\/div>\n\t\t<\/section>\n\t\t\t\t<section class=\"elementor-section elementor-top-section elementor-element elementor-element-a746972 elementor-section-full_width elementor-section-stretched elementor-section-height-default elementor-section-height-default\" data-id=\"a746972\" data-element_type=\"section\" data-e-type=\"section\" data-settings=\"{&quot;stretch_section&quot;:&quot;section-stretched&quot;,&quot;background_background&quot;:&quot;classic&quot;}\">\n\t\t\t\t\t\t<div class=\"elementor-container elementor-column-gap-no\">\n\t\t\t\t\t<div class=\"elementor-column elementor-col-100 elementor-top-column elementor-element elementor-element-1127104\" data-id=\"1127104\" data-element_type=\"column\" data-e-type=\"column\">\n\t\t\t<div class=\"elementor-widget-wrap elementor-element-populated\">\n\t\t\t\t\t\t<div class=\"elementor-element elementor-element-979f2a4 elementor-widget elementor-widget-image\" data-id=\"979f2a4\" data-element_type=\"widget\" data-e-type=\"widget\" data-widget_type=\"image.default\">\n\t\t\t\t<div class=\"elementor-widget-container\">\n\t\t\t\t\t\t\t\t\t\t\t\t\t\t\t<img fetchpriority=\"high\" decoding=\"async\" width=\"800\" height=\"169\" src=\"https:\/\/www.alpenhof-kruen.de\/wp-content\/uploads\/2021\/12\/Berge--1024x216.png\" class=\"attachment-large size-large wp-image-11203\" alt=\"\" srcset=\"https:\/\/www.alpenhof-kruen.de\/wp-content\/uploads\/2021\/12\/Berge--1024x216.png 1024w, https:\/\/www.alpenhof-kruen.de\/wp-content\/uploads\/2021\/12\/Berge--300x63.png 300w, https:\/\/www.alpenhof-kruen.de\/wp-content\/uploads\/2021\/12\/Berge--768x162.png 768w, https:\/\/www.alpenhof-kruen.de\/wp-content\/uploads\/2021\/12\/Berge--1536x324.png 1536w, https:\/\/www.alpenhof-kruen.de\/wp-content\/uploads\/2021\/12\/Berge-.png 1920w\" sizes=\"(max-width: 800px) 100vw, 800px\" \/>\t\t\t\t\t\t\t\t\t\t\t\t\t\t\t<\/div>\n\t\t\t\t<\/div>\n\t\t\t\t\t<\/div>\n\t\t<\/div>\n\t\t\t\t\t<\/div>\n\t\t<\/section>\n\t\t\t\t<section class=\"elementor-section elementor-top-section elementor-element elementor-element-b77549d elementor-section-content-middle elementor-section-stretched elementor-section-boxed elementor-section-height-default elementor-section-height-default\" data-id=\"b77549d\" data-element_type=\"section\" data-e-type=\"section\" data-settings=\"{&quot;stretch_section&quot;:&quot;section-stretched&quot;}\">\n\t\t\t\t\t\t<div class=\"elementor-container elementor-column-gap-default\">\n\t\t\t\t\t<div class=\"elementor-column elementor-col-100 elementor-top-column elementor-element elementor-element-0ce6ace\" data-id=\"0ce6ace\" data-element_type=\"column\" data-e-type=\"column\">\n\t\t\t<div class=\"elementor-widget-wrap elementor-element-populated\">\n\t\t\t\t\t\t<div class=\"elementor-element elementor-element-ed6dc4a elementor-widget elementor-widget-heading\" data-id=\"ed6dc4a\" data-element_type=\"widget\" data-e-type=\"widget\" data-widget_type=\"heading.default\">\n\t\t\t\t<div class=\"elementor-widget-container\">\n\t\t\t\t\t<h1 class=\"elementor-heading-title elementor-size-default\">Arrival &amp; Contact<\/h1>\t\t\t\t<\/div>\n\t\t\t\t<\/div>\n\t\t\t\t<div class=\"elementor-element elementor-element-b92c23c elementor-widget elementor-widget-text-editor\" data-id=\"b92c23c\" data-element_type=\"widget\" data-e-type=\"widget\" data-widget_type=\"text-editor.default\">\n\t\t\t\t<div class=\"elementor-widget-container\">\n\t\t\t\t\t\t\t\t\t<p>Our house is easily accessible in a quiet, central location. Discover Kr\u00fcn, the vacation resort in the sunny high plateau in the <a href=\"https:\/\/www.zugspitz-region.de\/\">Zugspitz region<\/a> (fog-free, avalanche-safe, individual).<\/p>\t\t\t\t\t\t\t\t<\/div>\n\t\t\t\t<\/div>\n\t\t\t\t\t<\/div>\n\t\t<\/div>\n\t\t\t\t\t<\/div>\n\t\t<\/section>\n\t\t\t\t<section class=\"elementor-section elementor-top-section elementor-element elementor-element-581d471 elementor-section-boxed elementor-section-height-default elementor-section-height-default\" data-id=\"581d471\" data-element_type=\"section\" data-e-type=\"section\">\n\t\t\t\t\t\t<div class=\"elementor-container elementor-column-gap-default\">\n\t\t\t\t\t<div class=\"elementor-column elementor-col-50 elementor-top-column elementor-element elementor-element-85de6cc elementor-invisible\" data-id=\"85de6cc\" data-element_type=\"column\" data-e-type=\"column\" data-settings=\"{&quot;animation&quot;:&quot;fadeInLeft&quot;}\">\n\t\t\t<div class=\"elementor-widget-wrap elementor-element-populated\">\n\t\t\t\t\t\t<div class=\"elementor-element elementor-element-8f96eea elementor-widget elementor-widget-heading\" data-id=\"8f96eea\" data-element_type=\"widget\" data-e-type=\"widget\" data-widget_type=\"heading.default\">\n\t\t\t\t<div class=\"elementor-widget-container\">\n\t\t\t\t\t<h2 class=\"elementor-heading-title elementor-size-default\">Your way to us<\/h2>\t\t\t\t<\/div>\n\t\t\t\t<\/div>\n\t\t\t\t<div class=\"elementor-element elementor-element-517d61e elementor-widget elementor-widget-text-editor\" data-id=\"517d61e\" data-element_type=\"widget\" data-e-type=\"widget\" data-widget_type=\"text-editor.default\">\n\t\t\t\t<div class=\"elementor-widget-container\">\n\t\t\t\t\t\t\t\t\t<p>Hotel Alpenhof<br>Fam. Georg Schober<br>Edelwei\u00dfstr. 11<br>D-82494 Kr\u00fcn<\/p>\t\t\t\t\t\t\t\t<\/div>\n\t\t\t\t<\/div>\n\t\t\t\t<div class=\"elementor-element elementor-element-59351e7 elementor-align-start elementor-icon-list--layout-traditional elementor-list-item-link-full_width elementor-widget elementor-widget-icon-list\" data-id=\"59351e7\" data-element_type=\"widget\" data-e-type=\"widget\" data-widget_type=\"icon-list.default\">\n\t\t\t\t<div class=\"elementor-widget-container\">\n\t\t\t\t\t\t\t<ul class=\"elementor-icon-list-items\">\n\t\t\t\t\t\t\t<li class=\"elementor-icon-list-item\">\n\t\t\t\t\t\t\t\t\t\t\t<a href=\"tel:+4988251014\">\n\n\t\t\t\t\t\t\t\t\t\t\t\t<span class=\"elementor-icon-list-icon\">\n\t\t\t\t\t\t\t<i aria-hidden=\"true\" class=\"fal fa-phone-alt\"><\/i>\t\t\t\t\t\t<\/span>\n\t\t\t\t\t\t\t\t\t\t<span class=\"elementor-icon-list-text\">0049 (0) 8825 1014<\/span>\n\t\t\t\t\t\t\t\t\t\t\t<\/a>\n\t\t\t\t\t\t\t\t\t<\/li>\n\t\t\t\t\t\t\t\t<li class=\"elementor-icon-list-item\">\n\t\t\t\t\t\t\t\t\t\t\t<a href=\"tel:+4988251016\">\n\n\t\t\t\t\t\t\t\t\t\t\t\t<span class=\"elementor-icon-list-icon\">\n\t\t\t\t\t\t\t<i aria-hidden=\"true\" class=\"fal fa-fax\"><\/i>\t\t\t\t\t\t<\/span>\n\t\t\t\t\t\t\t\t\t\t<span class=\"elementor-icon-list-text\">0049 (0) 8825 1016<\/span>\n\t\t\t\t\t\t\t\t\t\t\t<\/a>\n\t\t\t\t\t\t\t\t\t<\/li>\n\t\t\t\t\t\t\t\t<li class=\"elementor-icon-list-item\">\n\t\t\t\t\t\t\t\t\t\t\t<a href=\"mailto:hotel@alpenhof-kr\u00fcn.de\">\n\n\t\t\t\t\t\t\t\t\t\t\t\t<span class=\"elementor-icon-list-icon\">\n\t\t\t\t\t\t\t<i aria-hidden=\"true\" class=\"fal fa-envelope\"><\/i>\t\t\t\t\t\t<\/span>\n\t\t\t\t\t\t\t\t\t\t<span class=\"elementor-icon-list-text\">hotel@alpenhof-kruen.de<\/span>\n\t\t\t\t\t\t\t\t\t\t\t<\/a>\n\t\t\t\t\t\t\t\t\t<\/li>\n\t\t\t\t\t\t<\/ul>\n\t\t\t\t\t\t<\/div>\n\t\t\t\t<\/div>\n\t\t\t\t<div class=\"elementor-element elementor-element-231dfa7 elementor-widget elementor-widget-toggle\" data-id=\"231dfa7\" data-element_type=\"widget\" data-e-type=\"widget\" data-widget_type=\"toggle.default\">\n\t\t\t\t<div class=\"elementor-widget-container\">\n\t\t\t\t\t\t\t<div class=\"elementor-toggle\">\n\t\t\t\t\t\t\t<div class=\"elementor-toggle-item\">\n\t\t\t\t\t<div id=\"elementor-tab-title-3681\" class=\"elementor-tab-title\" data-tab=\"1\" role=\"button\" aria-controls=\"elementor-tab-content-3681\" aria-expanded=\"false\">\n\t\t\t\t\t\t\t\t\t\t\t\t<span class=\"elementor-toggle-icon elementor-toggle-icon-left\" aria-hidden=\"true\">\n\t\t\t\t\t\t\t\t\t\t\t\t\t\t\t<span class=\"elementor-toggle-icon-closed\"><i class=\"fas fa-caret-right\"><\/i><\/span>\n\t\t\t\t\t\t\t\t<span class=\"elementor-toggle-icon-opened\"><i class=\"elementor-toggle-icon-opened fas fa-caret-up\"><\/i><\/span>\n\t\t\t\t\t\t\t\t\t\t\t\t\t<\/span>\n\t\t\t\t\t\t\t\t\t\t\t\t<a class=\"elementor-toggle-title\" tabindex=\"0\">Arrival by car<\/a>\n\t\t\t\t\t<\/div>\n\n\t\t\t\t\t<div id=\"elementor-tab-content-3681\" class=\"elementor-tab-content elementor-clearfix\" data-tab=\"1\" role=\"region\" aria-labelledby=\"elementor-tab-title-3681\"><p>By <span class=\"caps\">car <\/span>from Munich on the A 95 to Garmisch-Partenkirchen, then via the B 2 in the direction of Mittenwald, or deviating from the A 95 via Kochel \/ Walchensee on the B 11 in the direction of Mittenwald.<\/p>\n<p>Another variant via the A 7 to Kempten \/ F\u00fcssen, then via Reute to Garmisch-Partenkirchen to Kr\u00fcn.<\/p>\n<\/div>\n\t\t\t\t<\/div>\n\t\t\t\t\t\t\t<div class=\"elementor-toggle-item\">\n\t\t\t\t\t<div id=\"elementor-tab-title-3682\" class=\"elementor-tab-title\" data-tab=\"2\" role=\"button\" aria-controls=\"elementor-tab-content-3682\" aria-expanded=\"false\">\n\t\t\t\t\t\t\t\t\t\t\t\t<span class=\"elementor-toggle-icon elementor-toggle-icon-left\" aria-hidden=\"true\">\n\t\t\t\t\t\t\t\t\t\t\t\t\t\t\t<span class=\"elementor-toggle-icon-closed\"><i class=\"fas fa-caret-right\"><\/i><\/span>\n\t\t\t\t\t\t\t\t<span class=\"elementor-toggle-icon-opened\"><i class=\"elementor-toggle-icon-opened fas fa-caret-up\"><\/i><\/span>\n\t\t\t\t\t\t\t\t\t\t\t\t\t<\/span>\n\t\t\t\t\t\t\t\t\t\t\t\t<a class=\"elementor-toggle-title\" tabindex=\"0\">Arrival by train<\/a>\n\t\t\t\t\t<\/div>\n\n\t\t\t\t\t<div id=\"elementor-tab-content-3682\" class=\"elementor-tab-content elementor-clearfix\" data-tab=\"2\" role=\"region\" aria-labelledby=\"elementor-tab-title-3682\"><p>Arrival by train with the <span class=\"caps\">ICE <\/span>or all other trains to Klais (train station of Kr\u00fcn); by car train to Munich.<\/p>\n<\/div>\n\t\t\t\t<\/div>\n\t\t\t\t\t\t\t\t<\/div>\n\t\t\t\t\t\t<\/div>\n\t\t\t\t<\/div>\n\t\t\t\t\t<\/div>\n\t\t<\/div>\n\t\t\t\t<div class=\"elementor-column elementor-col-50 elementor-top-column elementor-element elementor-element-edcb333 elementor-invisible\" data-id=\"edcb333\" data-element_type=\"column\" data-e-type=\"column\" data-settings=\"{&quot;animation&quot;:&quot;fadeInRight&quot;}\">\n\t\t\t<div class=\"elementor-widget-wrap elementor-element-populated\">\n\t\t\t\t\t\t<div class=\"elementor-element elementor-element-a00d287 elementor-widget elementor-widget-html\" data-id=\"a00d287\" data-element_type=\"widget\" data-e-type=\"widget\" data-widget_type=\"html.default\">\n\t\t\t\t<div class=\"elementor-widget-container\">\n\t\t\t\t\t<iframe data-name=\"googleMaps\" height=\"400\" frameborder=\"0\" scrolling=\"no\" marginheight=\"0\" marginwidth=\"0\" data-src=\"https:\/\/maps.google.com\/maps?q=Edelwei%C3%9Fstra%C3%9Fe%2011%20kr%C3%BCn&amp;t=m&amp;z=8&amp;output=embed&amp;iwloc=near\" title=\"Edelwei\u00dfstra\u00dfe 11 kr\u00fcn\" aria-label=\"Edelwei\u00dfstra\u00dfe 11 kr\u00fcn\"><\/iframe>\t\t\t\t<\/div>\n\t\t\t\t<\/div>\n\t\t\t\t<div class=\"elementor-element elementor-element-b1d5fe0 elementor-absolute elementor-widget elementor-widget-spacer\" data-id=\"b1d5fe0\" data-element_type=\"widget\" data-e-type=\"widget\" data-settings=\"{&quot;motion_fx_motion_fx_scrolling&quot;:&quot;yes&quot;,&quot;_position&quot;:&quot;absolute&quot;,&quot;motion_fx_devices&quot;:[&quot;desktop&quot;,&quot;tablet&quot;,&quot;mobile&quot;]}\" data-widget_type=\"spacer.default\">\n\t\t\t\t<div class=\"elementor-widget-container\">\n\t\t\t\t\t\t\t<div class=\"elementor-spacer\">\n\t\t\t<div class=\"elementor-spacer-inner\"><\/div>\n\t\t<\/div>\n\t\t\t\t\t\t<\/div>\n\t\t\t\t<\/div>\n\t\t\t\t\t<\/div>\n\t\t<\/div>\n\t\t\t\t\t<\/div>\n\t\t<\/section>\n\t\t\t\t<\/div>\n\t\t","protected":false},"excerpt":{"rendered":"<p>Your way to your vacationReach us conveniently by electric car or trainWe are looking forward to you Arrival &amp; Contact Our house is easily accessible in a quiet, central location. Discover Kr\u00fcn, the vacation resort in the sunny high plateau in the Zugspitz region (fog-free, avalanche-safe, individual). Your way to us Hotel AlpenhofFam. Georg SchoberEdelwei\u00dfstr. [&hellip;]<\/p>\n","protected":false},"author":48,"featured_media":0,"parent":0,"menu_order":11,"comment_status":"closed","ping_status":"closed","template":"","meta":{"_acf_changed":false,"footnotes":""},"class_list":["post-11618","page","type-page","status-publish","hentry"],"acf":[],"yoast_head":"<!-- This site is optimized with the Yoast SEO plugin v27.3 - https:\/\/yoast.com\/product\/yoast-seo-wordpress\/ -->\n<title>Arrival &amp; Contact - Alpenhof Kr\u00fcn<\/title>\n<meta name=\"robots\" content=\"index, follow, max-snippet:-1, max-image-preview:large, max-video-preview:-1\" \/>\n<link rel=\"canonical\" href=\"https:\/\/www.alpenhof-kruen.de\/en\/arrival-contact\/\" \/>\n<meta property=\"og:locale\" content=\"en_US\" \/>\n<meta property=\"og:type\" content=\"article\" \/>\n<meta property=\"og:title\" content=\"Arrival &amp; Contact - Alpenhof Kr\u00fcn\" \/>\n<meta property=\"og:description\" content=\"Your way to your vacationReach us conveniently by electric car or trainWe are looking forward to you Arrival &amp; Contact Our house is easily accessible in a quiet, central location. Discover Kr\u00fcn, the vacation resort in the sunny high plateau in the Zugspitz region (fog-free, avalanche-safe, individual). Your way to us Hotel AlpenhofFam. Georg SchoberEdelwei\u00dfstr. [&hellip;]\" \/>\n<meta property=\"og:url\" content=\"https:\/\/www.alpenhof-kruen.de\/en\/arrival-contact\/\" \/>\n<meta property=\"og:site_name\" content=\"Alpenhof Kr\u00fcn\" \/>\n<meta property=\"article:modified_time\" content=\"2026-01-20T14:25:04+00:00\" \/>\n<meta property=\"og:image\" content=\"https:\/\/www.alpenhof-kruen.de\/wp-content\/uploads\/2021\/12\/Berge-.png\" \/>\n\t<meta property=\"og:image:width\" content=\"1920\" \/>\n\t<meta property=\"og:image:height\" content=\"405\" \/>\n\t<meta property=\"og:image:type\" content=\"image\/png\" \/>\n<meta name=\"twitter:card\" content=\"summary_large_image\" \/>\n<meta name=\"twitter:label1\" content=\"Est. reading time\" \/>\n\t<meta name=\"twitter:data1\" content=\"1 minute\" \/>\n<script type=\"application\/ld+json\" class=\"yoast-schema-graph\">{\"@context\":\"https:\\\/\\\/schema.org\",\"@graph\":[{\"@type\":\"WebPage\",\"@id\":\"https:\\\/\\\/www.alpenhof-kruen.de\\\/en\\\/arrival-contact\\\/\",\"url\":\"https:\\\/\\\/www.alpenhof-kruen.de\\\/en\\\/arrival-contact\\\/\",\"name\":\"Arrival &amp; Contact - Alpenhof Kr\u00fcn\",\"isPartOf\":{\"@id\":\"https:\\\/\\\/www.alpenhof-kruen.de\\\/en\\\/#website\"},\"primaryImageOfPage\":{\"@id\":\"https:\\\/\\\/www.alpenhof-kruen.de\\\/en\\\/arrival-contact\\\/#primaryimage\"},\"image\":{\"@id\":\"https:\\\/\\\/www.alpenhof-kruen.de\\\/en\\\/arrival-contact\\\/#primaryimage\"},\"thumbnailUrl\":\"https:\\\/\\\/www.alpenhof-kruen.de\\\/wp-content\\\/uploads\\\/2021\\\/12\\\/Berge--1024x216.png\",\"datePublished\":\"2022-02-07T15:36:50+00:00\",\"dateModified\":\"2026-01-20T14:25:04+00:00\",\"breadcrumb\":{\"@id\":\"https:\\\/\\\/www.alpenhof-kruen.de\\\/en\\\/arrival-contact\\\/#breadcrumb\"},\"inLanguage\":\"en-US\",\"potentialAction\":[{\"@type\":\"ReadAction\",\"target\":[\"https:\\\/\\\/www.alpenhof-kruen.de\\\/en\\\/arrival-contact\\\/\"]}]},{\"@type\":\"ImageObject\",\"inLanguage\":\"en-US\",\"@id\":\"https:\\\/\\\/www.alpenhof-kruen.de\\\/en\\\/arrival-contact\\\/#primaryimage\",\"url\":\"https:\\\/\\\/www.alpenhof-kruen.de\\\/wp-content\\\/uploads\\\/2021\\\/12\\\/Berge--1024x216.png\",\"contentUrl\":\"https:\\\/\\\/www.alpenhof-kruen.de\\\/wp-content\\\/uploads\\\/2021\\\/12\\\/Berge--1024x216.png\"},{\"@type\":\"BreadcrumbList\",\"@id\":\"https:\\\/\\\/www.alpenhof-kruen.de\\\/en\\\/arrival-contact\\\/#breadcrumb\",\"itemListElement\":[{\"@type\":\"ListItem\",\"position\":1,\"name\":\"Startseite\",\"item\":\"https:\\\/\\\/www.alpenhof-kruen.de\\\/en\\\/\"},{\"@type\":\"ListItem\",\"position\":2,\"name\":\"Arrival &amp; Contact\"}]},{\"@type\":\"WebSite\",\"@id\":\"https:\\\/\\\/www.alpenhof-kruen.de\\\/en\\\/#website\",\"url\":\"https:\\\/\\\/www.alpenhof-kruen.de\\\/en\\\/\",\"name\":\"Alpenhof Kr\u00fcn\",\"description\":\"\",\"publisher\":{\"@id\":\"https:\\\/\\\/www.alpenhof-kruen.de\\\/en\\\/#organization\"},\"potentialAction\":[{\"@type\":\"SearchAction\",\"target\":{\"@type\":\"EntryPoint\",\"urlTemplate\":\"https:\\\/\\\/www.alpenhof-kruen.de\\\/en\\\/?s={search_term_string}\"},\"query-input\":{\"@type\":\"PropertyValueSpecification\",\"valueRequired\":true,\"valueName\":\"search_term_string\"}}],\"inLanguage\":\"en-US\"},{\"@type\":\"Organization\",\"@id\":\"https:\\\/\\\/www.alpenhof-kruen.de\\\/en\\\/#organization\",\"name\":\"Alpenhof Kr\u00fcn\",\"url\":\"https:\\\/\\\/www.alpenhof-kruen.de\\\/en\\\/\",\"logo\":{\"@type\":\"ImageObject\",\"inLanguage\":\"en-US\",\"@id\":\"https:\\\/\\\/www.alpenhof-kruen.de\\\/en\\\/#\\\/schema\\\/logo\\\/image\\\/\",\"url\":\"https:\\\/\\\/www.alpenhof-kruen.de\\\/wp-content\\\/uploads\\\/2022\\\/02\\\/Logo-transparent.png\",\"contentUrl\":\"https:\\\/\\\/www.alpenhof-kruen.de\\\/wp-content\\\/uploads\\\/2022\\\/02\\\/Logo-transparent.png\",\"width\":2048,\"height\":1123,\"caption\":\"Alpenhof Kr\u00fcn\"},\"image\":{\"@id\":\"https:\\\/\\\/www.alpenhof-kruen.de\\\/en\\\/#\\\/schema\\\/logo\\\/image\\\/\"}}]}<\/script>\n<!-- \/ Yoast SEO plugin. -->","yoast_head_json":{"title":"Arrival &amp; Contact - Alpenhof Kr\u00fcn","robots":{"index":"index","follow":"follow","max-snippet":"max-snippet:-1","max-image-preview":"max-image-preview:large","max-video-preview":"max-video-preview:-1"},"canonical":"https:\/\/www.alpenhof-kruen.de\/en\/arrival-contact\/","og_locale":"en_US","og_type":"article","og_title":"Arrival &amp; Contact - Alpenhof Kr\u00fcn","og_description":"Your way to your vacationReach us conveniently by electric car or trainWe are looking forward to you Arrival &amp; Contact Our house is easily accessible in a quiet, central location. Discover Kr\u00fcn, the vacation resort in the sunny high plateau in the Zugspitz region (fog-free, avalanche-safe, individual). Your way to us Hotel AlpenhofFam. Georg SchoberEdelwei\u00dfstr. [&hellip;]","og_url":"https:\/\/www.alpenhof-kruen.de\/en\/arrival-contact\/","og_site_name":"Alpenhof Kr\u00fcn","article_modified_time":"2026-01-20T14:25:04+00:00","og_image":[{"width":1920,"height":405,"url":"https:\/\/www.alpenhof-kruen.de\/wp-content\/uploads\/2021\/12\/Berge-.png","type":"image\/png"}],"twitter_card":"summary_large_image","twitter_misc":{"Est. reading time":"1 minute"},"schema":{"@context":"https:\/\/schema.org","@graph":[{"@type":"WebPage","@id":"https:\/\/www.alpenhof-kruen.de\/en\/arrival-contact\/","url":"https:\/\/www.alpenhof-kruen.de\/en\/arrival-contact\/","name":"Arrival &amp; Contact - Alpenhof Kr\u00fcn","isPartOf":{"@id":"https:\/\/www.alpenhof-kruen.de\/en\/#website"},"primaryImageOfPage":{"@id":"https:\/\/www.alpenhof-kruen.de\/en\/arrival-contact\/#primaryimage"},"image":{"@id":"https:\/\/www.alpenhof-kruen.de\/en\/arrival-contact\/#primaryimage"},"thumbnailUrl":"https:\/\/www.alpenhof-kruen.de\/wp-content\/uploads\/2021\/12\/Berge--1024x216.png","datePublished":"2022-02-07T15:36:50+00:00","dateModified":"2026-01-20T14:25:04+00:00","breadcrumb":{"@id":"https:\/\/www.alpenhof-kruen.de\/en\/arrival-contact\/#breadcrumb"},"inLanguage":"en-US","potentialAction":[{"@type":"ReadAction","target":["https:\/\/www.alpenhof-kruen.de\/en\/arrival-contact\/"]}]},{"@type":"ImageObject","inLanguage":"en-US","@id":"https:\/\/www.alpenhof-kruen.de\/en\/arrival-contact\/#primaryimage","url":"https:\/\/www.alpenhof-kruen.de\/wp-content\/uploads\/2021\/12\/Berge--1024x216.png","contentUrl":"https:\/\/www.alpenhof-kruen.de\/wp-content\/uploads\/2021\/12\/Berge--1024x216.png"},{"@type":"BreadcrumbList","@id":"https:\/\/www.alpenhof-kruen.de\/en\/arrival-contact\/#breadcrumb","itemListElement":[{"@type":"ListItem","position":1,"name":"Startseite","item":"https:\/\/www.alpenhof-kruen.de\/en\/"},{"@type":"ListItem","position":2,"name":"Arrival &amp; Contact"}]},{"@type":"WebSite","@id":"https:\/\/www.alpenhof-kruen.de\/en\/#website","url":"https:\/\/www.alpenhof-kruen.de\/en\/","name":"Alpenhof Kr\u00fcn","description":"","publisher":{"@id":"https:\/\/www.alpenhof-kruen.de\/en\/#organization"},"potentialAction":[{"@type":"SearchAction","target":{"@type":"EntryPoint","urlTemplate":"https:\/\/www.alpenhof-kruen.de\/en\/?s={search_term_string}"},"query-input":{"@type":"PropertyValueSpecification","valueRequired":true,"valueName":"search_term_string"}}],"inLanguage":"en-US"},{"@type":"Organization","@id":"https:\/\/www.alpenhof-kruen.de\/en\/#organization","name":"Alpenhof Kr\u00fcn","url":"https:\/\/www.alpenhof-kruen.de\/en\/","logo":{"@type":"ImageObject","inLanguage":"en-US","@id":"https:\/\/www.alpenhof-kruen.de\/en\/#\/schema\/logo\/image\/","url":"https:\/\/www.alpenhof-kruen.de\/wp-content\/uploads\/2022\/02\/Logo-transparent.png","contentUrl":"https:\/\/www.alpenhof-kruen.de\/wp-content\/uploads\/2022\/02\/Logo-transparent.png","width":2048,"height":1123,"caption":"Alpenhof Kr\u00fcn"},"image":{"@id":"https:\/\/www.alpenhof-kruen.de\/en\/#\/schema\/logo\/image\/"}}]}},"_links":{"self":[{"href":"https:\/\/www.alpenhof-kruen.de\/en\/wp-json\/wp\/v2\/pages\/11618","targetHints":{"allow":["GET"]}}],"collection":[{"href":"https:\/\/www.alpenhof-kruen.de\/en\/wp-json\/wp\/v2\/pages"}],"about":[{"href":"https:\/\/www.alpenhof-kruen.de\/en\/wp-json\/wp\/v2\/types\/page"}],"author":[{"embeddable":true,"href":"https:\/\/www.alpenhof-kruen.de\/en\/wp-json\/wp\/v2\/users\/48"}],"replies":[{"embeddable":true,"href":"https:\/\/www.alpenhof-kruen.de\/en\/wp-json\/wp\/v2\/comments?post=11618"}],"version-history":[{"count":4,"href":"https:\/\/www.alpenhof-kruen.de\/en\/wp-json\/wp\/v2\/pages\/11618\/revisions"}],"predecessor-version":[{"id":13422,"href":"https:\/\/www.alpenhof-kruen.de\/en\/wp-json\/wp\/v2\/pages\/11618\/revisions\/13422"}],"wp:attachment":[{"href":"https:\/\/www.alpenhof-kruen.de\/en\/wp-json\/wp\/v2\/media?parent=11618"}],"curies":[{"name":"wp","href":"https:\/\/api.w.org\/{rel}","templated":true}]}}